{"id":694,"date":"2025-07-28T12:26:38","date_gmt":"2025-07-28T12:26:38","guid":{"rendered":"https:\/\/www.profelectro.info\/store\/products-page\/uncategorized\/"},"modified":"2025-09-20T09:10:51","modified_gmt":"2025-09-20T09:10:51","slug":"ufcd-6046-tecnologias-dos-materiais-eletricos","status":"publish","type":"wpsc-product","link":"https:\/\/www.profelectro.info\/store\/products-page\/curso-profissional-de-electrotecnia\/ufcd-6046-tecnologias-dos-materiais-eletricos\/","title":{"rendered":"UFCD 6046 &#8211; Tecnologias dos Materiais El\u00e9tricos"},"content":{"rendered":"\n<p>Tecnologias Aplicadas &#8211; 10\u00ba Ano &#8211; M\u00f3dulo 2<\/p>\n\n\n\n<p>Curso Profissional T\u00e9cnico de Eletrotecnia<\/p>\n\n\n\n<p>Cursos:<br>522308 &#8211; Eletricista de Redes<br>522309 &#8211; T\u00e9cnico\/a de Redes El\u00e9tricas<br>522237 &#8211; T\u00e9cnico\/a de Eletrotecnia<br>523268 &#8211; T\u00e9cnico\/a de Eletr\u00f3nica, Automa\u00e7\u00e3o e Comando<br>522238 &#8211; T\u00e9cnico\/a de Instala\u00e7\u00f5es El\u00e9tricas<\/p>\n\n\n\n<p>Criada em 2009-12-29<br>Designa\u00e7\u00e3o da UFCD: Tecnologia dos materiais el\u00e9tricos<br>C\u00f3digo da UFCD: 6046<br>Carga Hor\u00e1ria: 25 horas<br>Pontos de Cr\u00e9dito: 2.25<\/p>\n\n\n\n<figure class=\"wp-block-image size-full\"><a href=\"https:\/\/www.profelectro.info\/store\/wp-content\/uploads\/2025\/07\/gettyimages-1197246873-612x612-1.jpg\"><img decoding=\"async\" loading=\"lazy\" width=\"612\" height=\"612\" src=\"https:\/\/www.profelectro.info\/store\/wp-content\/uploads\/2025\/07\/gettyimages-1197246873-612x612-1.jpg\" alt=\"\" class=\"wp-image-696\" srcset=\"https:\/\/www.profelectro.info\/store\/wp-content\/uploads\/2025\/07\/gettyimages-1197246873-612x612-1.jpg 612w, https:\/\/www.profelectro.info\/store\/wp-content\/uploads\/2025\/07\/gettyimages-1197246873-612x612-1-300x300.jpg 300w, https:\/\/www.profelectro.info\/store\/wp-content\/uploads\/2025\/07\/gettyimages-1197246873-612x612-1-150x150.jpg 150w, https:\/\/www.profelectro.info\/store\/wp-content\/uploads\/2025\/07\/gettyimages-1197246873-612x612-1-148x148.jpg 148w, https:\/\/www.profelectro.info\/store\/wp-content\/uploads\/2025\/07\/gettyimages-1197246873-612x612-1-31x31.jpg 31w, https:\/\/www.profelectro.info\/store\/wp-content\/uploads\/2025\/07\/gettyimages-1197246873-612x612-1-38x38.jpg 38w, https:\/\/www.profelectro.info\/store\/wp-content\/uploads\/2025\/07\/gettyimages-1197246873-612x612-1-215x215.jpg 215w\" sizes=\"(max-width: 612px) 100vw, 612px\" \/><\/a><figcaption class=\"wp-element-caption\">types of batteries<\/figcaption><\/figure>\n\n\n\n<p>CONT\u00c9M:<\/p>\n\n\n\n<ul>\n<li>Powerpoint de 67 slides<br>. Princ\u00edpios b\u00e1sicos das instala\u00e7\u00f5es el\u00e9tricas, com exerc\u00edcios<br>.. intensidade de corrente, tens\u00e3o el\u00e9trica, pot\u00eancia, resist\u00eancia, consumo, liga\u00e7\u00e3o \u00e1 terra, quadro el\u00e9trico, grupos, lei de joule. Problema 1 a 3, ficha de trabalho n\u00ba 1 (link para &#8211; est\u00e1 noutro ficheiro que tamb\u00e9m segue)<br>. Materias usados na ind\u00fastria el\u00e9trica e eletr\u00f3nica<br>.. Materiais condutores, materiais condutores resistentes, materiais supercondutores, materiais isolantes, materiais semicondutores, materiais magn\u00e9ticos;<br>.. Resistividade el\u00e9trica;<br>.. Varia\u00e7\u00e3o da resist\u00eancia com a temperatura;<br>.. 5 Exerc\u00edcios;<br>.. Carater\u00edsticas dos condutores el\u00e9tricos;<br>..Isolamento dos condutores;<br>.. Fio condutor el\u00e9trico;<br>.. Cabo condutor el\u00e9trico;<br>.. Designa\u00e7\u00e3o de condutores e cabos isolados;<br>Exerc\u00edcios;<br>.. Ilumina\u00e7\u00e3o;<br>.. s Tomadas de corrente;<br>.. Aparelhos de grande pot\u00eancia;<br>.. Sec\u00e7\u00f5es m\u00ednimas dos condutores em circuitos em locais de habita\u00e7\u00e3o;<br>.. Corrente admiss\u00edveis em amperes;<br>.. Cat\u00e1logo de cabos &#8211; s\u00edmbolos;<br>.. Cat\u00e1logo de cabos &#8211; exemplos;<br>.. Exerc\u00edcio;<br>.. Esquema unifilar do quadro el\u00e9trico de entrada;<br>.. Quadro monof\u00e1sico da entrada de uma habita\u00e7\u00e3o; Regras;<br>.. Cabo de pares de cobre (UTP);<br>.. Cabo cruzado e cabo direto e cabo invertido, quais as diferen\u00e7as;<br>.. Categorias dos cabos UTP;<br>.. Cabo coaxial;<br>.. Televis\u00e3o TDT;<br>.. Cabo de Fibra \u00f3tica;<\/li>\n\n\n\n<li>Teste de avalia\u00e7\u00e3o final da ufcd, com 11 quest\u00f5es, algumas com al\u00edneas;<\/li>\n\n\n\n<li>Enunciado para trabalho de pesquisa simples, sobre a parte das telecomunica\u00e7\u00f5es, a apresentar em powerpoint.<\/li>\n\n\n\n<li>Enunciado para trabalho de pesquisa simples, sobre a parte da tecnologia dos materiais el\u00e9tricos , a apresentar em powerpoint.<\/li>\n<\/ul>\n\n\n\n<p><\/p>\n\n\n\n<p><\/p>\n","protected":false},"featured_media":0,"parent":0,"template":"","meta":{"_wpsc_stock":"","_wpsc_price":"1.5","_wpsc_special_price":"0","_wpsc_sku":""},"product_tag":[432,433,101,434],"wpsc_product_category":[384,148,395],"wpsc-variation":[],"_links":{"self":[{"href":"https:\/\/www.profelectro.info\/store\/wp-json\/wp\/v2\/wpsc-product\/694"}],"collection":[{"href":"https:\/\/www.profelectro.info\/store\/wp-json\/wp\/v2\/wpsc-product"}],"about":[{"href":"https:\/\/www.profelectro.info\/store\/wp-json\/wp\/v2\/types\/wpsc-product"}],"version-history":[{"count":2,"href":"https:\/\/www.profelectro.info\/store\/wp-json\/wp\/v2\/wpsc-product\/694\/revisions"}],"predecessor-version":[{"id":697,"href":"https:\/\/www.profelectro.info\/store\/wp-json\/wp\/v2\/wpsc-product\/694\/revisions\/697"}],"wp:attachment":[{"href":"https:\/\/www.profelectro.info\/store\/wp-json\/wp\/v2\/media?parent=694"}],"wp:term":[{"taxonomy":"product_tag","embeddable":true,"href":"https:\/\/www.profelectro.info\/store\/wp-json\/wp\/v2\/product_tag?post=694"},{"taxonomy":"wpsc_product_category","embeddable":true,"href":"https:\/\/www.profelectro.info\/store\/wp-json\/wp\/v2\/wpsc_product_category?post=694"},{"taxonomy":"wpsc-variation","embeddable":true,"href":"https:\/\/www.profelectro.info\/store\/wp-json\/wp\/v2\/wpsc-variation?post=694"}],"curies":[{"name":"wp","href":"https:\/\/api.w.org\/{rel}","templated":true}]}}